{"id":2074,"date":"2024-11-24T12:12:20","date_gmt":"2024-11-24T11:12:20","guid":{"rendered":"https:\/\/avec-naturel.com\/?page_id=2074"},"modified":"2024-12-03T15:56:43","modified_gmt":"2024-12-03T14:56:43","slug":"ils-parlent-de-nous","status":"publish","type":"page","link":"https:\/\/avec-naturel.com\/en\/ils-parlent-de-nous\/","title":{"rendered":"They talk about us"},"content":{"rendered":"<div data-elementor-type=\"wp-page\" data-elementor-id=\"2074\" class=\"elementor elementor-2074\">\n\t\t\t\t<div class=\"elementor-element elementor-element-519bfbc e-flex e-con-boxed e-con e-parent\" data-id=\"519bfbc\" data-element_type=\"container\" data-e-type=\"container\" data-settings=\"{&quot;background_background&quot;:&quot;classic&quot;}\">\n\t\t\t\t\t<div class=\"e-con-inner\">\n\t\t\t\t<div class=\"elementor-element elementor-element-53da15a elementor-invisible elementor-widget elementor-widget-heading\" data-id=\"53da15a\" data-element_type=\"widget\" data-e-type=\"widget\" data-settings=\"{&quot;_animation&quot;:&quot;slideInUp&quot;}\" data-widget_type=\"heading.default\">\n\t\t\t\t\t<h1 class=\"elementor-heading-title elementor-size-default\">D\u00e9couvrez ce qu'ils disent sur AVEC<\/h1>\t\t\t\t<\/div>\n\t\t\t\t<div class=\"elementor-element elementor-element-c6f7bd7 elementor-widget-divider--view-line elementor-invisible elementor-widget elementor-widget-divider\" data-id=\"c6f7bd7\" data-element_type=\"widget\" data-e-type=\"widget\" data-settings=\"{&quot;_animation&quot;:&quot;slideInUp&quot;}\" data-widget_type=\"divider.default\">\n\t\t\t\t\t\t\t<div class=\"elementor-divider\">\n\t\t\t<span class=\"elementor-divider-separator\">\n\t\t\t\t\t\t<\/span>\n\t\t<\/div>\n\t\t\t\t\t\t<\/div>\n\t\t\t\t\t<\/div>\n\t\t\t\t<\/div>\n\t\t<div class=\"elementor-element elementor-element-844adbd e-flex e-con-boxed e-con e-parent\" data-id=\"844adbd\" data-element_type=\"container\" data-e-type=\"container\">\n\t\t\t\t\t<div class=\"e-con-inner\">\n\t\t\t\t<div class=\"elementor-element elementor-element-88e8d42 elementor-widget elementor-widget-heading\" data-id=\"88e8d42\" data-element_type=\"widget\" data-e-type=\"widget\" data-widget_type=\"heading.default\">\n\t\t\t\t\t<h1 class=\"elementor-heading-title elementor-size-default\">Nos articles et nos podcasts<\/h1>\t\t\t\t<\/div>\n\t\t\t\t\t<\/div>\n\t\t\t\t<\/div>\n\t\t<div class=\"elementor-element elementor-element-b728803 e-flex e-con-boxed e-con e-parent\" data-id=\"b728803\" data-element_type=\"container\" data-e-type=\"container\">\n\t\t\t\t\t<div class=\"e-con-inner\">\n\t\t\t\t<div class=\"elementor-element elementor-element-dcfecfe elementor-widget-divider--view-line elementor-widget elementor-widget-divider\" data-id=\"dcfecfe\" data-element_type=\"widget\" data-e-type=\"widget\" data-widget_type=\"divider.default\">\n\t\t\t\t\t\t\t<div class=\"elementor-divider\">\n\t\t\t<span class=\"elementor-divider-separator\">\n\t\t\t\t\t\t<\/span>\n\t\t<\/div>\n\t\t\t\t\t\t<\/div>\n\t\t\t\t\t<\/div>\n\t\t\t\t<\/div>\n\t\t<div class=\"elementor-element elementor-element-f97c119 e-flex e-con-boxed e-con e-parent\" data-id=\"f97c119\" data-element_type=\"container\" data-e-type=\"container\">\n\t\t\t\t\t<div class=\"e-con-inner\">\n\t\t<div class=\"elementor-element elementor-element-0693832 e-con-full e-flex e-con e-child\" data-id=\"0693832\" data-element_type=\"container\" data-e-type=\"container\">\n\t\t\t\t<div class=\"elementor-element elementor-element-528e45a elementor-widget elementor-widget-image\" data-id=\"528e45a\" data-element_type=\"widget\" data-e-type=\"widget\" data-widget_type=\"image.default\">\n\t\t\t\t\t\t\t\t\t\t\t\t\t\t\t\t<a href=\"https:\/\/www.cotesudfm.fr\/podcast\/eco-mag-pierre-yves-morvan-et-lise-ste-avec-17-10-2023\/\">\n\t\t\t\t\t\t\t<img decoding=\"async\" width=\"200\" height=\"200\" src=\"https:\/\/i0.wp.com\/avec-naturel.com\/wp-content\/uploads\/2023\/12\/cote-sud-fm-radio.jpg?fit=200%2C200&amp;ssl=1\" class=\"attachment-large size-large wp-image-1048\" alt=\"\" srcset=\"https:\/\/i0.wp.com\/avec-naturel.com\/wp-content\/uploads\/2023\/12\/cote-sud-fm-radio.jpg?w=200&amp;ssl=1 200w, https:\/\/i0.wp.com\/avec-naturel.com\/wp-content\/uploads\/2023\/12\/cote-sud-fm-radio.jpg?resize=150%2C150&amp;ssl=1 150w, https:\/\/i0.wp.com\/avec-naturel.com\/wp-content\/uploads\/2023\/12\/cote-sud-fm-radio.jpg?resize=100%2C100&amp;ssl=1 100w\" sizes=\"(max-width: 200px) 100vw, 200px\" data-attachment-id=\"1048\" data-permalink=\"https:\/\/avec-naturel.com\/cote-sud-fm-radio\/\" data-orig-file=\"https:\/\/i0.wp.com\/avec-naturel.com\/wp-content\/uploads\/2023\/12\/cote-sud-fm-radio.jpg?fit=200%2C200&amp;ssl=1\" data-orig-size=\"200,200\" data-comments-opened=\"1\" data-image-meta=\"{&quot;aperture&quot;:&quot;0&quot;,&quot;credit&quot;:&quot;&quot;,&quot;camera&quot;:&quot;&quot;,&quot;caption&quot;:&quot;&quot;,&quot;created_timestamp&quot;:&quot;0&quot;,&quot;copyright&quot;:&quot;&quot;,&quot;focal_length&quot;:&quot;0&quot;,&quot;iso&quot;:&quot;0&quot;,&quot;shutter_speed&quot;:&quot;0&quot;,&quot;title&quot;:&quot;&quot;,&quot;orientation&quot;:&quot;0&quot;}\" data-image-title=\"cote sud fm radio\" data-image-description=\"\" data-image-caption=\"\" data-large-file=\"https:\/\/i0.wp.com\/avec-naturel.com\/wp-content\/uploads\/2023\/12\/cote-sud-fm-radio.jpg?fit=200%2C200&amp;ssl=1\" \/>\t\t\t\t\t\t\t\t<\/a>\n\t\t\t\t\t\t\t\t\t\t\t\t\t\t\t<\/div>\n\t\t\t\t<\/div>\n\t\t<div class=\"elementor-element elementor-element-de0f0ab e-con-full e-flex e-con e-child\" data-id=\"de0f0ab\" data-element_type=\"container\" data-e-type=\"container\">\n\t\t\t\t<div class=\"elementor-element elementor-element-179ac2d elementor-widget elementor-widget-image\" data-id=\"179ac2d\" data-element_type=\"widget\" data-e-type=\"widget\" data-widget_type=\"image.default\">\n\t\t\t\t\t\t\t\t\t\t\t\t\t\t\t\t<a href=\"https:\/\/www.sudouest.fr\/economie\/landes-avec-la-jeune-entreprise-qui-veut-remplacer-le-plastique-par-du-papier-13730997.php\">\n\t\t\t\t\t\t\t<img fetchpriority=\"high\" decoding=\"async\" width=\"518\" height=\"417\" src=\"https:\/\/i0.wp.com\/avec-naturel.com\/wp-content\/uploads\/2023\/02\/logo_sud_ouest.svg_.png.webp?fit=518%2C417&amp;ssl=1\" class=\"attachment-large size-large wp-image-311\" alt=\"\" data-attachment-id=\"311\" data-permalink=\"https:\/\/avec-naturel.com\/logo_sud_ouest-svg_-png\/\" data-orig-file=\"https:\/\/i0.wp.com\/avec-naturel.com\/wp-content\/uploads\/2023\/02\/logo_sud_ouest.svg_.png.webp?fit=518%2C417&amp;ssl=1\" data-orig-size=\"518,417\" data-comments-opened=\"1\" data-image-meta=\"{&quot;aperture&quot;:&quot;0&quot;,&quot;credit&quot;:&quot;&quot;,&quot;camera&quot;:&quot;&quot;,&quot;caption&quot;:&quot;&quot;,&quot;created_timestamp&quot;:&quot;0&quot;,&quot;copyright&quot;:&quot;&quot;,&quot;focal_length&quot;:&quot;0&quot;,&quot;iso&quot;:&quot;0&quot;,&quot;shutter_speed&quot;:&quot;0&quot;,&quot;title&quot;:&quot;&quot;,&quot;orientation&quot;:&quot;0&quot;}\" data-image-title=\"logo_sud_ouest.svg_.png\" data-image-description=\"\" data-image-caption=\"\" data-large-file=\"https:\/\/i0.wp.com\/avec-naturel.com\/wp-content\/uploads\/2023\/02\/logo_sud_ouest.svg_.png.webp?fit=518%2C417&amp;ssl=1\" \/>\t\t\t\t\t\t\t\t<\/a>\n\t\t\t\t\t\t\t\t\t\t\t\t\t\t\t<\/div>\n\t\t\t\t<\/div>\n\t\t<div class=\"elementor-element elementor-element-784d89a e-con-full e-flex e-con e-child\" data-id=\"784d89a\" data-element_type=\"container\" data-e-type=\"container\">\n\t\t\t\t<div class=\"elementor-element elementor-element-e89c799 elementor-widget elementor-widget-image\" data-id=\"e89c799\" data-element_type=\"widget\" data-e-type=\"widget\" data-widget_type=\"image.default\">\n\t\t\t\t\t\t\t\t\t\t\t\t\t\t\t\t<a href=\"https:\/\/presselib.com\/article\/pierre-yves-morvan-cellulose-landes-domolandes-innovation-indutrie-transport\">\n\t\t\t\t\t\t\t<img decoding=\"async\" width=\"580\" height=\"440\" src=\"https:\/\/i0.wp.com\/avec-naturel.com\/wp-content\/uploads\/2023\/02\/pl-logo-carre-580x440-1-2.png?fit=580%2C440&amp;ssl=1\" class=\"attachment-large size-large wp-image-176\" alt=\"\" data-attachment-id=\"176\" data-permalink=\"https:\/\/avec-naturel.com\/pl-logo-carre-580x440-1-2\/\" data-orig-file=\"https:\/\/i0.wp.com\/avec-naturel.com\/wp-content\/uploads\/2023\/02\/pl-logo-carre-580x440-1-2.png?fit=580%2C440&amp;ssl=1\" data-orig-size=\"580,440\" data-comments-opened=\"1\" data-image-meta=\"{&quot;aperture&quot;:&quot;0&quot;,&quot;credit&quot;:&quot;&quot;,&quot;camera&quot;:&quot;&quot;,&quot;caption&quot;:&quot;&quot;,&quot;created_timestamp&quot;:&quot;0&quot;,&quot;copyright&quot;:&quot;&quot;,&quot;focal_length&quot;:&quot;0&quot;,&quot;iso&quot;:&quot;0&quot;,&quot;shutter_speed&quot;:&quot;0&quot;,&quot;title&quot;:&quot;&quot;,&quot;orientation&quot;:&quot;0&quot;}\" data-image-title=\"pl-logo-carre-580&amp;#215;440-1-2\" data-image-description=\"\" data-image-caption=\"\" data-large-file=\"https:\/\/i0.wp.com\/avec-naturel.com\/wp-content\/uploads\/2023\/02\/pl-logo-carre-580x440-1-2.png?fit=580%2C440&amp;ssl=1\" \/>\t\t\t\t\t\t\t\t<\/a>\n\t\t\t\t\t\t\t\t\t\t\t\t\t\t\t<\/div>\n\t\t\t\t<\/div>\n\t\t<div class=\"elementor-element elementor-element-7e51c83 e-con-full e-flex e-con e-child\" data-id=\"7e51c83\" data-element_type=\"container\" data-e-type=\"container\">\n\t\t\t\t<div class=\"elementor-element elementor-element-50c2f56 elementor-widget elementor-widget-image\" data-id=\"50c2f56\" data-element_type=\"widget\" data-e-type=\"widget\" data-widget_type=\"image.default\">\n\t\t\t\t\t\t\t\t\t\t\t\t\t\t\t\t<a href=\"https:\/\/www.usinenouvelle.com\/article\/citeo-devoile-la-promotion-2023-de-son-circular-challenge.N2204861\">\n\t\t\t\t\t\t\t<img loading=\"lazy\" decoding=\"async\" width=\"517\" height=\"368\" src=\"https:\/\/i0.wp.com\/avec-naturel.com\/wp-content\/uploads\/2023\/02\/lusine-nouvelle_logo_mod.png.webp?fit=517%2C368&amp;ssl=1\" class=\"attachment-large size-large wp-image-313\" alt=\"\" data-attachment-id=\"313\" data-permalink=\"https:\/\/avec-naturel.com\/lusine-nouvelle_logo_mod-png\/\" data-orig-file=\"https:\/\/i0.wp.com\/avec-naturel.com\/wp-content\/uploads\/2023\/02\/lusine-nouvelle_logo_mod.png.webp?fit=517%2C368&amp;ssl=1\" data-orig-size=\"517,368\" data-comments-opened=\"1\" data-image-meta=\"{&quot;aperture&quot;:&quot;0&quot;,&quot;credit&quot;:&quot;&quot;,&quot;camera&quot;:&quot;&quot;,&quot;caption&quot;:&quot;&quot;,&quot;created_timestamp&quot;:&quot;0&quot;,&quot;copyright&quot;:&quot;&quot;,&quot;focal_length&quot;:&quot;0&quot;,&quot;iso&quot;:&quot;0&quot;,&quot;shutter_speed&quot;:&quot;0&quot;,&quot;title&quot;:&quot;&quot;,&quot;orientation&quot;:&quot;0&quot;}\" data-image-title=\"lusine-nouvelle_logo_mod.png\" data-image-description=\"\" data-image-caption=\"\" data-large-file=\"https:\/\/i0.wp.com\/avec-naturel.com\/wp-content\/uploads\/2023\/02\/lusine-nouvelle_logo_mod.png.webp?fit=517%2C368&amp;ssl=1\" \/>\t\t\t\t\t\t\t\t<\/a>\n\t\t\t\t\t\t\t\t\t\t\t\t\t\t\t<\/div>\n\t\t\t\t<\/div>\n\t\t\t\t\t<\/div>\n\t\t\t\t<\/div>\n\t\t<div class=\"elementor-element elementor-element-a3210c0 e-flex e-con-boxed elementor-invisible e-con e-parent\" data-id=\"a3210c0\" data-element_type=\"container\" data-e-type=\"container\" data-settings=\"{&quot;animation&quot;:&quot;slideInLeft&quot;}\">\n\t\t\t\t\t<div class=\"e-con-inner\">\n\t\t<div class=\"elementor-element elementor-element-cc089e7 e-con-full e-flex e-con e-child\" data-id=\"cc089e7\" data-element_type=\"container\" data-e-type=\"container\">\n\t\t\t\t<div class=\"elementor-element elementor-element-31d46c7 elementor-widget elementor-widget-heading\" data-id=\"31d46c7\" data-element_type=\"widget\" data-e-type=\"widget\" data-widget_type=\"heading.default\">\n\t\t\t\t\t<h2 class=\"elementor-heading-title elementor-size-default\">Winner of the Citeo Circular Challenge<\/h2>\t\t\t\t<\/div>\n\t\t\t\t<div class=\"elementor-element elementor-element-569fa8b elementor-widget-divider--view-line elementor-widget elementor-widget-divider\" data-id=\"569fa8b\" data-element_type=\"widget\" data-e-type=\"widget\" data-widget_type=\"divider.default\">\n\t\t\t\t\t\t\t<div class=\"elementor-divider\">\n\t\t\t<span class=\"elementor-divider-separator\">\n\t\t\t\t\t\t<\/span>\n\t\t<\/div>\n\t\t\t\t\t\t<\/div>\n\t\t\t\t<div class=\"elementor-element elementor-element-342d4de elementor-widget elementor-widget-text-editor\" data-id=\"342d4de\" data-element_type=\"widget\" data-e-type=\"widget\" data-widget_type=\"text-editor.default\">\n\t\t\t\t\t\t\t\t\t<p>AVEC was one of the 5 winners of the 2024 Circular Challenge Citeo promotion, with the Start-up des Landes prize, and won the final. These winners highlight projects that accelerate the circular economy. We will benefit from a year's support in the form of business and technical expertise to guide us in our change of scale.<\/p>\t\t\t\t\t\t\t\t<\/div>\n\t\t\t\t<\/div>\n\t\t<div class=\"elementor-element elementor-element-0de1754 e-con-full e-flex e-con e-child\" data-id=\"0de1754\" data-element_type=\"container\" data-e-type=\"container\">\n\t\t\t\t<div class=\"elementor-element elementor-element-d67fd43 elementor-widget elementor-widget-image\" data-id=\"d67fd43\" data-element_type=\"widget\" data-e-type=\"widget\" data-widget_type=\"image.default\">\n\t\t\t\t\t\t\t\t\t\t\t\t\t\t\t<img loading=\"lazy\" decoding=\"async\" width=\"286\" height=\"300\" src=\"https:\/\/i0.wp.com\/avec-naturel.com\/wp-content\/uploads\/2024\/04\/LogoCircularChallenge-removebg-preview-1.png?fit=286%2C300&amp;ssl=1\" class=\"attachment-medium size-medium wp-image-1659\" alt=\"\" srcset=\"https:\/\/i0.wp.com\/avec-naturel.com\/wp-content\/uploads\/2024\/04\/LogoCircularChallenge-removebg-preview-1.png?w=488&amp;ssl=1 488w, https:\/\/i0.wp.com\/avec-naturel.com\/wp-content\/uploads\/2024\/04\/LogoCircularChallenge-removebg-preview-1.png?resize=286%2C300&amp;ssl=1 286w, https:\/\/i0.wp.com\/avec-naturel.com\/wp-content\/uploads\/2024\/04\/LogoCircularChallenge-removebg-preview-1.png?resize=11%2C12&amp;ssl=1 11w\" sizes=\"(max-width: 286px) 100vw, 286px\" data-attachment-id=\"1659\" data-permalink=\"https:\/\/avec-naturel.com\/?attachment_id=1659\" data-orig-file=\"https:\/\/i0.wp.com\/avec-naturel.com\/wp-content\/uploads\/2024\/04\/LogoCircularChallenge-removebg-preview-1.png?fit=488%2C511&amp;ssl=1\" data-orig-size=\"488,511\" data-comments-opened=\"1\" data-image-meta=\"{&quot;aperture&quot;:&quot;0&quot;,&quot;credit&quot;:&quot;&quot;,&quot;camera&quot;:&quot;&quot;,&quot;caption&quot;:&quot;&quot;,&quot;created_timestamp&quot;:&quot;0&quot;,&quot;copyright&quot;:&quot;&quot;,&quot;focal_length&quot;:&quot;0&quot;,&quot;iso&quot;:&quot;0&quot;,&quot;shutter_speed&quot;:&quot;0&quot;,&quot;title&quot;:&quot;&quot;,&quot;orientation&quot;:&quot;0&quot;}\" data-image-title=\"LogoCircularChallenge-removebg-preview (1)\" data-image-description=\"\" data-image-caption=\"\" data-large-file=\"https:\/\/i0.wp.com\/avec-naturel.com\/wp-content\/uploads\/2024\/04\/LogoCircularChallenge-removebg-preview-1.png?fit=488%2C511&amp;ssl=1\" \/>\t\t\t\t\t\t\t\t\t\t\t\t\t\t\t<\/div>\n\t\t\t\t<\/div>\n\t\t\t\t\t<\/div>\n\t\t\t\t<\/div>\n\t\t<div class=\"elementor-element elementor-element-fe184af e-flex e-con-boxed elementor-invisible e-con e-parent\" data-id=\"fe184af\" data-element_type=\"container\" data-e-type=\"container\" data-settings=\"{&quot;animation&quot;:&quot;slideInRight&quot;}\">\n\t\t\t\t\t<div class=\"e-con-inner\">\n\t\t<div class=\"elementor-element elementor-element-459a559 e-con-full e-flex e-con e-child\" data-id=\"459a559\" data-element_type=\"container\" data-e-type=\"container\">\n\t\t\t\t<div class=\"elementor-element elementor-element-2abca0f elementor-widget elementor-widget-image\" data-id=\"2abca0f\" data-element_type=\"widget\" data-e-type=\"widget\" data-widget_type=\"image.default\">\n\t\t\t\t\t\t\t\t\t\t\t\t\t\t\t<img loading=\"lazy\" decoding=\"async\" width=\"300\" height=\"277\" src=\"https:\/\/i0.wp.com\/avec-naturel.com\/wp-content\/uploads\/2024\/04\/FT_logo-RS__1_-removebg-preview.png?fit=300%2C277&amp;ssl=1\" class=\"attachment-medium size-medium wp-image-1663\" alt=\"\" srcset=\"https:\/\/i0.wp.com\/avec-naturel.com\/wp-content\/uploads\/2024\/04\/FT_logo-RS__1_-removebg-preview.png?w=519&amp;ssl=1 519w, https:\/\/i0.wp.com\/avec-naturel.com\/wp-content\/uploads\/2024\/04\/FT_logo-RS__1_-removebg-preview.png?resize=300%2C277&amp;ssl=1 300w, https:\/\/i0.wp.com\/avec-naturel.com\/wp-content\/uploads\/2024\/04\/FT_logo-RS__1_-removebg-preview.png?resize=13%2C12&amp;ssl=1 13w\" sizes=\"(max-width: 300px) 100vw, 300px\" data-attachment-id=\"1663\" data-permalink=\"https:\/\/avec-naturel.com\/?attachment_id=1663\" data-orig-file=\"https:\/\/i0.wp.com\/avec-naturel.com\/wp-content\/uploads\/2024\/04\/FT_logo-RS__1_-removebg-preview.png?fit=519%2C480&amp;ssl=1\" data-orig-size=\"519,480\" data-comments-opened=\"1\" data-image-meta=\"{&quot;aperture&quot;:&quot;0&quot;,&quot;credit&quot;:&quot;&quot;,&quot;camera&quot;:&quot;&quot;,&quot;caption&quot;:&quot;&quot;,&quot;created_timestamp&quot;:&quot;0&quot;,&quot;copyright&quot;:&quot;&quot;,&quot;focal_length&quot;:&quot;0&quot;,&quot;iso&quot;:&quot;0&quot;,&quot;shutter_speed&quot;:&quot;0&quot;,&quot;title&quot;:&quot;&quot;,&quot;orientation&quot;:&quot;0&quot;}\" data-image-title=\"FT_logo-RS__1_-removebg-preview\" data-image-description=\"\" data-image-caption=\"\" data-large-file=\"https:\/\/i0.wp.com\/avec-naturel.com\/wp-content\/uploads\/2024\/04\/FT_logo-RS__1_-removebg-preview.png?fit=519%2C480&amp;ssl=1\" \/>\t\t\t\t\t\t\t\t\t\t\t\t\t\t\t<\/div>\n\t\t\t\t<\/div>\n\t\t<div class=\"elementor-element elementor-element-7944bbd e-con-full e-flex e-con e-child\" data-id=\"7944bbd\" data-element_type=\"container\" data-e-type=\"container\">\n\t\t\t\t<div class=\"elementor-element elementor-element-03669c0 elementor-widget elementor-widget-heading\" data-id=\"03669c0\" data-element_type=\"widget\" data-e-type=\"widget\" data-widget_type=\"heading.default\">\n\t\t\t\t\t<h2 class=\"elementor-heading-title elementor-size-default\">FrenchTech NA20 CSR-Impact Award<\/h2>\t\t\t\t<\/div>\n\t\t\t\t<div class=\"elementor-element elementor-element-054e340 elementor-widget-divider--view-line elementor-widget elementor-widget-divider\" data-id=\"054e340\" data-element_type=\"widget\" data-e-type=\"widget\" data-widget_type=\"divider.default\">\n\t\t\t\t\t\t\t<div class=\"elementor-divider\">\n\t\t\t<span class=\"elementor-divider-separator\">\n\t\t\t\t\t\t<\/span>\n\t\t<\/div>\n\t\t\t\t\t\t<\/div>\n\t\t\t\t<div class=\"elementor-element elementor-element-ee5168f elementor-widget elementor-widget-text-editor\" data-id=\"ee5168f\" data-element_type=\"widget\" data-e-type=\"widget\" data-widget_type=\"text-editor.default\">\n\t\t\t\t\t\t\t\t\t<p>The NA20 Impact Selection 2023 rewards 20 startups from across Nouvelle-Aquitaine. This project, steered by La FrenchTech de Bordeaux and supported by all 7 French Tech ecosystems in Nouvelle-Aquitaine, aims to showcase committed gems from across the region. AVEC is one of the winners of the 2023 Na20 class in the CSR-Impact category.<\/p>\t\t\t\t\t\t\t\t<\/div>\n\t\t\t\t<\/div>\n\t\t\t\t\t<\/div>\n\t\t\t\t<\/div>\n\t\t<div class=\"elementor-element elementor-element-2b07ec6 e-flex e-con-boxed elementor-invisible e-con e-parent\" data-id=\"2b07ec6\" data-element_type=\"container\" data-e-type=\"container\" data-settings=\"{&quot;animation&quot;:&quot;slideInLeft&quot;}\">\n\t\t\t\t\t<div class=\"e-con-inner\">\n\t\t<div class=\"elementor-element elementor-element-bdb4518 e-con-full e-flex e-con e-child\" data-id=\"bdb4518\" data-element_type=\"container\" data-e-type=\"container\">\n\t\t\t\t<div class=\"elementor-element elementor-element-3c3d0e4 elementor-widget elementor-widget-heading\" data-id=\"3c3d0e4\" data-element_type=\"widget\" data-e-type=\"widget\" data-widget_type=\"heading.default\">\n\t\t\t\t\t<h2 class=\"elementor-heading-title elementor-size-default\">Neo-Aquitaine 2023 Economy Awards<\/h2>\t\t\t\t<\/div>\n\t\t\t\t<div class=\"elementor-element elementor-element-b8b7660 elementor-widget-divider--view-line elementor-widget elementor-widget-divider\" data-id=\"b8b7660\" data-element_type=\"widget\" data-e-type=\"widget\" data-widget_type=\"divider.default\">\n\t\t\t\t\t\t\t<div class=\"elementor-divider\">\n\t\t\t<span class=\"elementor-divider-separator\">\n\t\t\t\t\t\t<\/span>\n\t\t<\/div>\n\t\t\t\t\t\t<\/div>\n\t\t\t\t<div class=\"elementor-element elementor-element-84ab650 elementor-widget elementor-widget-text-editor\" data-id=\"84ab650\" data-element_type=\"widget\" data-e-type=\"widget\" data-widget_type=\"text-editor.default\">\n\t\t\t\t\t\t\t\t\t<p>Every year, the Nouvelle-Aquitaine region organizes an economic event that rewards the region's businesses. It recognizes successful business leaders in the Nouvelle-Aquitaine region, and highlights the successes, projects and career paths of these men and women who are creating, innovating and developing their companies, and keeping a firm grip on the helm of the regional economy. The Prix de l'Economie N\u00e9o Aquitains were awarded to six companies, with AVEC winning the innovation prize.<\/p>\t\t\t\t\t\t\t\t<\/div>\n\t\t\t\t<\/div>\n\t\t<div class=\"elementor-element elementor-element-cec0016 e-con-full e-flex e-con e-child\" data-id=\"cec0016\" data-element_type=\"container\" data-e-type=\"container\">\n\t\t\t\t<div class=\"elementor-element elementor-element-f6b75bc elementor-widget elementor-widget-image\" data-id=\"f6b75bc\" data-element_type=\"widget\" data-e-type=\"widget\" data-widget_type=\"image.default\">\n\t\t\t\t\t\t\t\t\t\t\t\t\t\t\t<img loading=\"lazy\" decoding=\"async\" width=\"800\" height=\"320\" src=\"https:\/\/i0.wp.com\/avec-naturel.com\/wp-content\/uploads\/2023\/12\/neo-aquitain-et-py.png?fit=800%2C320&amp;ssl=1\" class=\"attachment-large size-large wp-image-1046\" alt=\"\" srcset=\"https:\/\/i0.wp.com\/avec-naturel.com\/wp-content\/uploads\/2023\/12\/neo-aquitain-et-py.png?w=1885&amp;ssl=1 1885w, https:\/\/i0.wp.com\/avec-naturel.com\/wp-content\/uploads\/2023\/12\/neo-aquitain-et-py.png?resize=300%2C120&amp;ssl=1 300w, https:\/\/i0.wp.com\/avec-naturel.com\/wp-content\/uploads\/2023\/12\/neo-aquitain-et-py.png?resize=1024%2C409&amp;ssl=1 1024w, https:\/\/i0.wp.com\/avec-naturel.com\/wp-content\/uploads\/2023\/12\/neo-aquitain-et-py.png?resize=768%2C307&amp;ssl=1 768w, https:\/\/i0.wp.com\/avec-naturel.com\/wp-content\/uploads\/2023\/12\/neo-aquitain-et-py.png?resize=1536%2C614&amp;ssl=1 1536w, https:\/\/i0.wp.com\/avec-naturel.com\/wp-content\/uploads\/2023\/12\/neo-aquitain-et-py.png?resize=1200%2C479&amp;ssl=1 1200w, https:\/\/i0.wp.com\/avec-naturel.com\/wp-content\/uploads\/2023\/12\/neo-aquitain-et-py.png?resize=676%2C270&amp;ssl=1 676w, https:\/\/i0.wp.com\/avec-naturel.com\/wp-content\/uploads\/2023\/12\/neo-aquitain-et-py.png?resize=600%2C240&amp;ssl=1 600w, https:\/\/i0.wp.com\/avec-naturel.com\/wp-content\/uploads\/2023\/12\/neo-aquitain-et-py.png?w=1600&amp;ssl=1 1600w\" sizes=\"(max-width: 800px) 100vw, 800px\" data-attachment-id=\"1046\" data-permalink=\"https:\/\/avec-naturel.com\/neo-aquitain-et-py\/\" data-orig-file=\"https:\/\/i0.wp.com\/avec-naturel.com\/wp-content\/uploads\/2023\/12\/neo-aquitain-et-py.png?fit=1885%2C753&amp;ssl=1\" data-orig-size=\"1885,753\" data-comments-opened=\"1\" data-image-meta=\"{&quot;aperture&quot;:&quot;0&quot;,&quot;credit&quot;:&quot;&quot;,&quot;camera&quot;:&quot;&quot;,&quot;caption&quot;:&quot;&quot;,&quot;created_timestamp&quot;:&quot;0&quot;,&quot;copyright&quot;:&quot;&quot;,&quot;focal_length&quot;:&quot;0&quot;,&quot;iso&quot;:&quot;0&quot;,&quot;shutter_speed&quot;:&quot;0&quot;,&quot;title&quot;:&quot;&quot;,&quot;orientation&quot;:&quot;0&quot;}\" data-image-title=\"neo aquitain et py\" data-image-description=\"\" data-image-caption=\"\" data-large-file=\"https:\/\/i0.wp.com\/avec-naturel.com\/wp-content\/uploads\/2023\/12\/neo-aquitain-et-py.png?fit=800%2C320&amp;ssl=1\" \/>\t\t\t\t\t\t\t\t\t\t\t\t\t\t\t<\/div>\n\t\t\t\t<\/div>\n\t\t\t\t\t<\/div>\n\t\t\t\t<\/div>\n\t\t<div class=\"elementor-element elementor-element-88cd129 e-flex e-con-boxed elementor-invisible e-con e-parent\" data-id=\"88cd129\" data-element_type=\"container\" data-e-type=\"container\" data-settings=\"{&quot;animation&quot;:&quot;slideInRight&quot;}\">\n\t\t\t\t\t<div class=\"e-con-inner\">\n\t\t<div class=\"elementor-element elementor-element-12a0ae4 e-con-full e-flex e-con e-child\" data-id=\"12a0ae4\" data-element_type=\"container\" data-e-type=\"container\">\n\t\t\t\t<div class=\"elementor-element elementor-element-160a6a6 elementor-widget elementor-widget-image\" data-id=\"160a6a6\" data-element_type=\"widget\" data-e-type=\"widget\" data-widget_type=\"image.default\">\n\t\t\t\t\t\t\t\t\t\t\t\t\t\t\t<img loading=\"lazy\" decoding=\"async\" width=\"106\" height=\"195\" src=\"https:\/\/i0.wp.com\/avec-naturel.com\/wp-content\/uploads\/2024\/10\/Sans-titre.png?fit=106%2C195&amp;ssl=1\" class=\"attachment-large size-large wp-image-1877\" alt=\"\" srcset=\"https:\/\/i0.wp.com\/avec-naturel.com\/wp-content\/uploads\/2024\/10\/Sans-titre.png?w=106&amp;ssl=1 106w, https:\/\/i0.wp.com\/avec-naturel.com\/wp-content\/uploads\/2024\/10\/Sans-titre.png?resize=7%2C12&amp;ssl=1 7w\" sizes=\"(max-width: 106px) 100vw, 106px\" data-attachment-id=\"1877\" data-permalink=\"https:\/\/avec-naturel.com\/?attachment_id=1877\" data-orig-file=\"https:\/\/i0.wp.com\/avec-naturel.com\/wp-content\/uploads\/2024\/10\/Sans-titre.png?fit=106%2C195&amp;ssl=1\" data-orig-size=\"106,195\" data-comments-opened=\"1\" data-image-meta=\"{&quot;aperture&quot;:&quot;0&quot;,&quot;credit&quot;:&quot;&quot;,&quot;camera&quot;:&quot;&quot;,&quot;caption&quot;:&quot;&quot;,&quot;created_timestamp&quot;:&quot;0&quot;,&quot;copyright&quot;:&quot;&quot;,&quot;focal_length&quot;:&quot;0&quot;,&quot;iso&quot;:&quot;0&quot;,&quot;shutter_speed&quot;:&quot;0&quot;,&quot;title&quot;:&quot;&quot;,&quot;orientation&quot;:&quot;0&quot;}\" data-image-title=\"Sans titre\" data-image-description=\"\" data-image-caption=\"\" data-large-file=\"https:\/\/i0.wp.com\/avec-naturel.com\/wp-content\/uploads\/2024\/10\/Sans-titre.png?fit=106%2C195&amp;ssl=1\" \/>\t\t\t\t\t\t\t\t\t\t\t\t\t\t\t<\/div>\n\t\t\t\t<\/div>\n\t\t<div class=\"elementor-element elementor-element-270e41e e-con-full e-flex e-con e-child\" data-id=\"270e41e\" data-element_type=\"container\" data-e-type=\"container\">\n\t\t\t\t<div class=\"elementor-element elementor-element-442cf60 elementor-widget elementor-widget-heading\" data-id=\"442cf60\" data-element_type=\"widget\" data-e-type=\"widget\" data-widget_type=\"heading.default\">\n\t\t\t\t\t<h2 class=\"elementor-heading-title elementor-size-default\">AVEC is part of the CoqVERT community<br><\/h2>\t\t\t\t<\/div>\n\t\t\t\t<div class=\"elementor-element elementor-element-da2bc61 elementor-widget-divider--view-line elementor-widget elementor-widget-divider\" data-id=\"da2bc61\" data-element_type=\"widget\" data-e-type=\"widget\" data-widget_type=\"divider.default\">\n\t\t\t\t\t\t\t<div class=\"elementor-divider\">\n\t\t\t<span class=\"elementor-divider-separator\">\n\t\t\t\t\t\t<\/span>\n\t\t<\/div>\n\t\t\t\t\t\t<\/div>\n\t\t\t\t<div class=\"elementor-element elementor-element-24dbae5 elementor-widget elementor-widget-text-editor\" data-id=\"24dbae5\" data-element_type=\"widget\" data-e-type=\"widget\" data-widget_type=\"text-editor.default\">\n\t\t\t\t\t\t\t\t\t<p>We join a community of over 2,000 companies convinced of the need to act and already committed to the ecological and energy transition. Launched by Bpifrance, in partnership with ADEME and the French Ministry of Ecological Transition.\u00a0<\/p>\t\t\t\t\t\t\t\t<\/div>\n\t\t\t\t<\/div>\n\t\t\t\t\t<\/div>\n\t\t\t\t<\/div>\n\t\t<div class=\"elementor-element elementor-element-af7db61 e-flex e-con-boxed elementor-invisible e-con e-parent\" data-id=\"af7db61\" data-element_type=\"container\" data-e-type=\"container\" data-settings=\"{&quot;animation&quot;:&quot;slideInLeft&quot;}\">\n\t\t\t\t\t<div class=\"e-con-inner\">\n\t\t<div class=\"elementor-element elementor-element-4d7c375 e-con-full e-flex e-con e-child\" data-id=\"4d7c375\" data-element_type=\"container\" data-e-type=\"container\">\n\t\t\t\t<div class=\"elementor-element elementor-element-a464f23 elementor-widget elementor-widget-heading\" data-id=\"a464f23\" data-element_type=\"widget\" data-e-type=\"widget\" data-widget_type=\"heading.default\">\n\t\t\t\t\t<h2 class=\"elementor-heading-title elementor-size-default\">Solar Impulse Efficient Solution Label<\/h2>\t\t\t\t<\/div>\n\t\t\t\t<div class=\"elementor-element elementor-element-ee2c1a9 elementor-widget-divider--view-line elementor-widget elementor-widget-divider\" data-id=\"ee2c1a9\" data-element_type=\"widget\" data-e-type=\"widget\" data-widget_type=\"divider.default\">\n\t\t\t\t\t\t\t<div class=\"elementor-divider\">\n\t\t\t<span class=\"elementor-divider-separator\">\n\t\t\t\t\t\t<\/span>\n\t\t<\/div>\n\t\t\t\t\t\t<\/div>\n\t\t\t\t<div class=\"elementor-element elementor-element-6a9be66 elementor-widget elementor-widget-text-editor\" data-id=\"6a9be66\" data-element_type=\"widget\" data-e-type=\"widget\" data-widget_type=\"text-editor.default\">\n\t\t\t\t\t\t\t\t\t<p>The mission of the Solar Impulse Foundation is to improve the quality of life on Earth by accelerating the implementation of clean, cost-effective solutions to encourage decision-makers to adopt more ambitious environmental goals and policies. More than just a label, it's proof of high standards of profitability and sustainability.<\/p>\t\t\t\t\t\t\t\t<\/div>\n\t\t\t\t<\/div>\n\t\t<div class=\"elementor-element elementor-element-2458b2f e-con-full e-flex e-con e-child\" data-id=\"2458b2f\" data-element_type=\"container\" data-e-type=\"container\">\n\t\t\t\t<div class=\"elementor-element elementor-element-27c780f elementor-widget elementor-widget-image\" data-id=\"27c780f\" data-element_type=\"widget\" data-e-type=\"widget\" data-widget_type=\"image.default\">\n\t\t\t\t\t\t\t\t\t\t\t\t\t\t\t<img loading=\"lazy\" decoding=\"async\" width=\"225\" height=\"225\" src=\"https:\/\/i0.wp.com\/avec-naturel.com\/wp-content\/uploads\/2024\/04\/telechargement-removebg-preview-1.png?fit=225%2C225&amp;ssl=1\" class=\"attachment-medium size-medium wp-image-1655\" alt=\"\" srcset=\"https:\/\/i0.wp.com\/avec-naturel.com\/wp-content\/uploads\/2024\/04\/telechargement-removebg-preview-1.png?w=225&amp;ssl=1 225w, https:\/\/i0.wp.com\/avec-naturel.com\/wp-content\/uploads\/2024\/04\/telechargement-removebg-preview-1.png?resize=150%2C150&amp;ssl=1 150w, https:\/\/i0.wp.com\/avec-naturel.com\/wp-content\/uploads\/2024\/04\/telechargement-removebg-preview-1.png?resize=12%2C12&amp;ssl=1 12w, https:\/\/i0.wp.com\/avec-naturel.com\/wp-content\/uploads\/2024\/04\/telechargement-removebg-preview-1.png?resize=200%2C200&amp;ssl=1 200w, https:\/\/i0.wp.com\/avec-naturel.com\/wp-content\/uploads\/2024\/04\/telechargement-removebg-preview-1.png?resize=100%2C100&amp;ssl=1 100w\" sizes=\"(max-width: 225px) 100vw, 225px\" data-attachment-id=\"1655\" data-permalink=\"https:\/\/avec-naturel.com\/?attachment_id=1655\" data-orig-file=\"https:\/\/i0.wp.com\/avec-naturel.com\/wp-content\/uploads\/2024\/04\/telechargement-removebg-preview-1.png?fit=225%2C225&amp;ssl=1\" data-orig-size=\"225,225\" data-comments-opened=\"1\" data-image-meta=\"{&quot;aperture&quot;:&quot;0&quot;,&quot;credit&quot;:&quot;&quot;,&quot;camera&quot;:&quot;&quot;,&quot;caption&quot;:&quot;&quot;,&quot;created_timestamp&quot;:&quot;0&quot;,&quot;copyright&quot;:&quot;&quot;,&quot;focal_length&quot;:&quot;0&quot;,&quot;iso&quot;:&quot;0&quot;,&quot;shutter_speed&quot;:&quot;0&quot;,&quot;title&quot;:&quot;&quot;,&quot;orientation&quot;:&quot;0&quot;}\" data-image-title=\"te\u0301le\u0301chargement-removebg-preview (1)\" data-image-description=\"\" data-image-caption=\"\" data-large-file=\"https:\/\/i0.wp.com\/avec-naturel.com\/wp-content\/uploads\/2024\/04\/telechargement-removebg-preview-1.png?fit=225%2C225&amp;ssl=1\" \/>\t\t\t\t\t\t\t\t\t\t\t\t\t\t\t<\/div>\n\t\t\t\t<\/div>\n\t\t\t\t\t<\/div>\n\t\t\t\t<\/div>\n\t\t<div class=\"elementor-element elementor-element-24df5d2 e-con-full e-flex e-con e-parent\" data-id=\"24df5d2\" data-element_type=\"container\" data-e-type=\"container\" data-settings=\"{&quot;background_background&quot;:&quot;classic&quot;}\">\n\t\t\t\t<div class=\"elementor-element elementor-element-538f8a0 elementor-widget elementor-widget-heading\" data-id=\"538f8a0\" data-element_type=\"widget\" data-e-type=\"widget\" data-widget_type=\"heading.default\">\n\t\t\t\t\t<h2 class=\"elementor-heading-title elementor-size-default\">Prendre contact<\/h2>\t\t\t\t<\/div>\n\t\t\t\t<div class=\"elementor-element elementor-element-6756d86 elementor-widget elementor-widget-heading\" data-id=\"6756d86\" data-element_type=\"widget\" data-e-type=\"widget\" data-widget_type=\"heading.default\">\n\t\t\t\t\t<h1 class=\"elementor-heading-title elementor-size-default\">Venez discuter de la faisabilit\u00e9 de votre projet et obtenez un devis<\/h1>\t\t\t\t<\/div>\n\t\t\t\t<div class=\"elementor-element elementor-element-ae3557b elementor-align-center elementor-widget elementor-widget-button\" data-id=\"ae3557b\" data-element_type=\"widget\" data-e-type=\"widget\" data-widget_type=\"button.default\">\n\t\t\t\t\t\t\t\t\t\t<a class=\"elementor-button elementor-button-link elementor-size-sm\" href=\"https:\/\/avec-naturel.com\/en\/contact\/\">\n\t\t\t\t\t\t<span class=\"elementor-button-content-wrapper\">\n\t\t\t\t\t\t\t\t\t<span class=\"elementor-button-text\">Nous contacter<\/span>\n\t\t\t\t\t<\/span>\n\t\t\t\t\t<\/a>\n\t\t\t\t\t\t\t\t<\/div>\n\t\t\t\t<\/div>\n\t\t\t\t<\/div>","protected":false},"excerpt":{"rendered":"<p>D\u00e9couvrez ce qu&rsquo;ils disent sur AVEC Nos articles et nos podcasts Vainqueur du Citeo Circular Challenge AVEC a fait partie des 5 laur\u00e9ats de la promotion 2024 Circular Challenge Citeo, avec le prix Strart-up des Landes, et a gagn\u00e9 la finale. Ces laur\u00e9ats mettent en avant les projets permettant l\u2019acc\u00e9l\u00e9ration d\u2019une \u00e9conomie circulaire. Nous b\u00e9n\u00e9ficierons [&hellip;]<\/p>\n","protected":false},"author":225602040,"featured_media":0,"parent":0,"menu_order":0,"comment_status":"closed","ping_status":"closed","template":"","meta":{"_exactmetrics_skip_tracking":false,"_wpcom_ai_launchpad_about_page":false,"_wpcom_ai_launchpad_gallery_page":false,"_wpcom_ai_launchpad_contact_page":false,"_wpcom_ai_launchpad_events_page":false,"_wpcom_ai_launchpad_video_page":false,"_wpcom_ai_launchpad_portfolio_piece":false,"footnotes":""},"class_list":["post-2074","page","type-page","status-publish","hentry"],"yoast_head":"<!-- This site is optimized with the Yoast SEO plugin v28.4 - https:\/\/yoast.com\/product\/yoast-seo-wordpress\/ -->\n<title>Ils parlent de nous -<\/title>\n<meta name=\"robots\" content=\"index, follow, max-snippet:-1, max-image-preview:large, max-video-preview:-1\" \/>\n<link rel=\"canonical\" href=\"https:\/\/avec-naturel.com\/en\/ils-parlent-de-nous\/\" \/>\n<meta property=\"og:locale\" content=\"en_US\" \/>\n<meta property=\"og:type\" content=\"article\" \/>\n<meta property=\"og:title\" content=\"Ils parlent de nous -\" \/>\n<meta property=\"og:description\" content=\"D\u00e9couvrez ce qu&rsquo;ils disent sur AVEC Nos articles et nos podcasts Vainqueur du Citeo Circular Challenge AVEC a fait partie des 5 laur\u00e9ats de la promotion 2024 Circular Challenge Citeo, avec le prix Strart-up des Landes, et a gagn\u00e9 la finale. Ces laur\u00e9ats mettent en avant les projets permettant l\u2019acc\u00e9l\u00e9ration d\u2019une \u00e9conomie circulaire. Nous b\u00e9n\u00e9ficierons [&hellip;]\" \/>\n<meta property=\"og:url\" content=\"https:\/\/avec-naturel.com\/en\/ils-parlent-de-nous\/\" \/>\n<meta property=\"article:modified_time\" content=\"2024-12-03T14:56:43+00:00\" \/>\n<meta property=\"og:image\" content=\"https:\/\/avec-naturel.com\/wp-content\/uploads\/2023\/12\/cote-sud-fm-radio.jpg\" \/>\n<meta name=\"twitter:card\" content=\"summary_large_image\" \/>\n<meta name=\"twitter:label1\" content=\"Est. reading time\" \/>\n\t<meta name=\"twitter:data1\" content=\"4 minutes\" \/>\n<script type=\"application\/ld+json\" class=\"yoast-schema-graph\">{\"@context\":\"https:\\\/\\\/schema.org\",\"@graph\":[{\"@type\":\"WebPage\",\"@id\":\"https:\\\/\\\/avec-naturel.com\\\/ils-parlent-de-nous\\\/\",\"url\":\"https:\\\/\\\/avec-naturel.com\\\/ils-parlent-de-nous\\\/\",\"name\":\"Ils parlent de nous -\",\"isPartOf\":{\"@id\":\"https:\\\/\\\/avec-naturel.com\\\/#website\"},\"primaryImageOfPage\":{\"@id\":\"https:\\\/\\\/avec-naturel.com\\\/ils-parlent-de-nous\\\/#primaryimage\"},\"image\":{\"@id\":\"https:\\\/\\\/avec-naturel.com\\\/ils-parlent-de-nous\\\/#primaryimage\"},\"thumbnailUrl\":\"https:\\\/\\\/avec-naturel.com\\\/wp-content\\\/uploads\\\/2023\\\/12\\\/cote-sud-fm-radio.jpg\",\"datePublished\":\"2024-11-24T11:12:20+00:00\",\"dateModified\":\"2024-12-03T14:56:43+00:00\",\"breadcrumb\":{\"@id\":\"https:\\\/\\\/avec-naturel.com\\\/ils-parlent-de-nous\\\/#breadcrumb\"},\"inLanguage\":\"en-US\",\"potentialAction\":[{\"@type\":\"ReadAction\",\"target\":[\"https:\\\/\\\/avec-naturel.com\\\/ils-parlent-de-nous\\\/\"]}]},{\"@type\":\"ImageObject\",\"inLanguage\":\"en-US\",\"@id\":\"https:\\\/\\\/avec-naturel.com\\\/ils-parlent-de-nous\\\/#primaryimage\",\"url\":\"https:\\\/\\\/avec-naturel.com\\\/wp-content\\\/uploads\\\/2023\\\/12\\\/cote-sud-fm-radio.jpg\",\"contentUrl\":\"https:\\\/\\\/avec-naturel.com\\\/wp-content\\\/uploads\\\/2023\\\/12\\\/cote-sud-fm-radio.jpg\"},{\"@type\":\"BreadcrumbList\",\"@id\":\"https:\\\/\\\/avec-naturel.com\\\/ils-parlent-de-nous\\\/#breadcrumb\",\"itemListElement\":[{\"@type\":\"ListItem\",\"position\":1,\"name\":\"Accueil\",\"item\":\"https:\\\/\\\/avec-naturel.com\\\/\"},{\"@type\":\"ListItem\",\"position\":2,\"name\":\"Ils parlent de nous\"}]},{\"@type\":\"WebSite\",\"@id\":\"https:\\\/\\\/avec-naturel.com\\\/#website\",\"url\":\"https:\\\/\\\/avec-naturel.com\\\/\",\"name\":\"\",\"description\":\"Vos produits de demain avec des mat\u00e9riaux 100% naturels ou recycl\u00e9s pour un Avenir Vertueux Ensemble Cr\u00e9atif\",\"potentialAction\":[{\"@type\":\"SearchAction\",\"target\":{\"@type\":\"EntryPoint\",\"urlTemplate\":\"https:\\\/\\\/avec-naturel.com\\\/?s={search_term_string}\"},\"query-input\":{\"@type\":\"PropertyValueSpecification\",\"valueRequired\":true,\"valueName\":\"search_term_string\"}}],\"inLanguage\":\"en-US\"}]}<\/script>\n<!-- \/ Yoast SEO plugin. -->","yoast_head_json":{"title":"Ils parlent de nous -","robots":{"index":"index","follow":"follow","max-snippet":"max-snippet:-1","max-image-preview":"max-image-preview:large","max-video-preview":"max-video-preview:-1"},"canonical":"https:\/\/avec-naturel.com\/en\/ils-parlent-de-nous\/","og_locale":"en_US","og_type":"article","og_title":"Ils parlent de nous -","og_description":"D\u00e9couvrez ce qu&rsquo;ils disent sur AVEC Nos articles et nos podcasts Vainqueur du Citeo Circular Challenge AVEC a fait partie des 5 laur\u00e9ats de la promotion 2024 Circular Challenge Citeo, avec le prix Strart-up des Landes, et a gagn\u00e9 la finale. Ces laur\u00e9ats mettent en avant les projets permettant l\u2019acc\u00e9l\u00e9ration d\u2019une \u00e9conomie circulaire. Nous b\u00e9n\u00e9ficierons [&hellip;]","og_url":"https:\/\/avec-naturel.com\/en\/ils-parlent-de-nous\/","article_modified_time":"2024-12-03T14:56:43+00:00","og_image":[{"url":"https:\/\/avec-naturel.com\/wp-content\/uploads\/2023\/12\/cote-sud-fm-radio.jpg","type":"","width":"","height":""}],"twitter_card":"summary_large_image","twitter_misc":{"Est. reading time":"4 minutes"},"schema":{"@context":"https:\/\/schema.org","@graph":[{"@type":"WebPage","@id":"https:\/\/avec-naturel.com\/ils-parlent-de-nous\/","url":"https:\/\/avec-naturel.com\/ils-parlent-de-nous\/","name":"Ils parlent de nous -","isPartOf":{"@id":"https:\/\/avec-naturel.com\/#website"},"primaryImageOfPage":{"@id":"https:\/\/avec-naturel.com\/ils-parlent-de-nous\/#primaryimage"},"image":{"@id":"https:\/\/avec-naturel.com\/ils-parlent-de-nous\/#primaryimage"},"thumbnailUrl":"https:\/\/avec-naturel.com\/wp-content\/uploads\/2023\/12\/cote-sud-fm-radio.jpg","datePublished":"2024-11-24T11:12:20+00:00","dateModified":"2024-12-03T14:56:43+00:00","breadcrumb":{"@id":"https:\/\/avec-naturel.com\/ils-parlent-de-nous\/#breadcrumb"},"inLanguage":"en-US","potentialAction":[{"@type":"ReadAction","target":["https:\/\/avec-naturel.com\/ils-parlent-de-nous\/"]}]},{"@type":"ImageObject","inLanguage":"en-US","@id":"https:\/\/avec-naturel.com\/ils-parlent-de-nous\/#primaryimage","url":"https:\/\/avec-naturel.com\/wp-content\/uploads\/2023\/12\/cote-sud-fm-radio.jpg","contentUrl":"https:\/\/avec-naturel.com\/wp-content\/uploads\/2023\/12\/cote-sud-fm-radio.jpg"},{"@type":"BreadcrumbList","@id":"https:\/\/avec-naturel.com\/ils-parlent-de-nous\/#breadcrumb","itemListElement":[{"@type":"ListItem","position":1,"name":"Accueil","item":"https:\/\/avec-naturel.com\/"},{"@type":"ListItem","position":2,"name":"Ils parlent de nous"}]},{"@type":"WebSite","@id":"https:\/\/avec-naturel.com\/#website","url":"https:\/\/avec-naturel.com\/","name":"","description":"Your products of tomorrow with 100% natural or recycled materials for a Virtuous Future Creative Ensemble","potentialAction":[{"@type":"SearchAction","target":{"@type":"EntryPoint","urlTemplate":"https:\/\/avec-naturel.com\/?s={search_term_string}"},"query-input":{"@type":"PropertyValueSpecification","valueRequired":true,"valueName":"search_term_string"}}],"inLanguage":"en-US"}]}},"jetpack_likes_enabled":true,"jetpack_sharing_enabled":true,"jetpack_shortlink":"https:\/\/wp.me\/Pee2cT-xs","jetpack-related-posts":[],"_links":{"self":[{"href":"https:\/\/avec-naturel.com\/en\/wp-json\/wp\/v2\/pages\/2074","targetHints":{"allow":["GET"]}}],"collection":[{"href":"https:\/\/avec-naturel.com\/en\/wp-json\/wp\/v2\/pages"}],"about":[{"href":"https:\/\/avec-naturel.com\/en\/wp-json\/wp\/v2\/types\/page"}],"author":[{"embeddable":true,"href":"https:\/\/avec-naturel.com\/en\/wp-json\/wp\/v2\/users\/225602040"}],"replies":[{"embeddable":true,"href":"https:\/\/avec-naturel.com\/en\/wp-json\/wp\/v2\/comments?post=2074"}],"version-history":[{"count":42,"href":"https:\/\/avec-naturel.com\/en\/wp-json\/wp\/v2\/pages\/2074\/revisions"}],"predecessor-version":[{"id":2843,"href":"https:\/\/avec-naturel.com\/en\/wp-json\/wp\/v2\/pages\/2074\/revisions\/2843"}],"wp:attachment":[{"href":"https:\/\/avec-naturel.com\/en\/wp-json\/wp\/v2\/media?parent=2074"}],"curies":[{"name":"wp","href":"https:\/\/api.w.org\/{rel}","templated":true}]}}